{"id":772,"date":"2015-01-10T09:09:14","date_gmt":"2015-01-10T09:09:14","guid":{"rendered":"http:\/\/www.orhideje-bk.eu\/?page_id=772"},"modified":"2026-01-04T17:57:19","modified_gmt":"2026-01-04T17:57:19","slug":"mullerjeva-mocvirnica","status":"publish","type":"page","link":"https:\/\/www.orhideje-bk.eu\/?page_id=772","title":{"rendered":"m\u00fcllerjeva mo\u010dvirnica"},"content":{"rendered":"<div id=\"pl-772\"  class=\"panel-layout\" ><div id=\"pg-772-0\"  class=\"panel-grid panel-no-style\" ><div id=\"pgc-772-0-0\"  class=\"panel-grid-cell\" ><div id=\"panel-772-0-0-0\" class=\"so-panel widget widget_text panel-first-child panel-last-child\" data-index=\"0\" ><h3 class=\"widget-title\">Epipactis muelleri<\/h3>\t\t\t<div class=\"textwidget\"><\/div>\n\t\t<\/div><\/div><\/div><div id=\"pg-772-1\"  class=\"panel-grid panel-no-style\" ><div id=\"pgc-772-1-0\"  class=\"panel-grid-cell\" ><div id=\"panel-772-1-0-0\" class=\"so-panel widget widget_sow-image panel-first-child panel-last-child\" data-index=\"1\" ><div\n\t\t\t\n\t\t\tclass=\"so-widget-sow-image so-widget-sow-image-default-8b5b6f678277-772\"\n\t\t\t\n\t\t>\n<div class=\"sow-image-container\">\n\t\t<img \n\tsrc=\"https:\/\/www.orhideje-bk.eu\/wp-content\/uploads\/2015\/01\/e_mulleri_01.jpg\" width=\"266\" height=\"400\" srcset=\"https:\/\/www.orhideje-bk.eu\/wp-content\/uploads\/2015\/01\/e_mulleri_01.jpg 266w, https:\/\/www.orhideje-bk.eu\/wp-content\/uploads\/2015\/01\/e_mulleri_01-200x300.jpg 200w, https:\/\/www.orhideje-bk.eu\/wp-content\/uploads\/2015\/01\/e_mulleri_01-100x150.jpg 100w\" sizes=\"(max-width: 266px) 100vw, 266px\" alt=\"\" \t\tclass=\"so-widget-image\"\/>\n\t<\/div>\n\n<\/div><\/div><\/div><div id=\"pgc-772-1-1\"  class=\"panel-grid-cell\" ><div id=\"panel-772-1-1-0\" class=\"so-panel widget widget_text panel-first-child\" data-index=\"2\" ><div class=\"panel-widget-style panel-widget-style-for-772-1-1-0\" ><h3 class=\"widget-title\">Izvor imena:<\/h3>\t\t\t<div class=\"textwidget\"><p>Epipactis: ime temu rodu je dodeli Theophrastus okoli 50 p.n.\u0161., verjetno po telohu<br \/>\nmuelleri: ime nem\u0161kega botanika F. Muller-ja (1829-1883)<\/p>\n<\/div>\n\t\t<\/div><\/div><div id=\"panel-772-1-1-1\" class=\"so-panel widget widget_text\" data-index=\"3\" ><h3 class=\"widget-title\">\u010cas cvetenja:<\/h3>\t\t\t<div class=\"textwidget\"><p>junij, julij<\/p>\n<\/div>\n\t\t<\/div><div id=\"panel-772-1-1-2\" class=\"so-panel widget widget_text panel-last-child\" data-index=\"4\" ><h3 class=\"widget-title\">Zanimivosti:<\/h3>\t\t\t<div class=\"textwidget\"><p>Spada med dokaj redke vrste. Podobno kot pri vseh mo\u010dvirnicah, jo je zelo te\u017eko dolo\u010diti.<\/p>\n<p>Cvetovi se ne odprejo vedno in velikokrat pride do samoopra\u0161itve (osebki v okolici Ga\u010d redko zacvetijo). Od ostalih mo\u010dvirnic se cvet lo\u010di po svetlo-zeleni barvi. Ven\u010dni listi so ob robovih valoviti, hipohil pa je rjav.<\/p>\n<p>Navadno ne raste v ve\u010dji populaciji ampak samo po nekaj rastlin. Najdemo jo v gozdu, kot tudi na gozdnem robu.<\/p>\n<\/div>\n\t\t<\/div><\/div><div id=\"pgc-772-1-2\"  class=\"panel-grid-cell\" ><div id=\"panel-772-1-2-0\" class=\"so-panel widget widget_simpleimage panel-first-child panel-last-child\" data-index=\"5\" >\n<h3 class=\"widget-title\">Nahajali\u0161\u010da<\/h3>\n\t<p class=\"simple-image\">\n\t\t<img loading=\"lazy\" decoding=\"async\" width=\"799\" height=\"916\" src=\"https:\/\/www.orhideje-bk.eu\/wp-content\/uploads\/2024\/11\/Epipactis-muelleri.png\" class=\"attachment-full size-full\" alt=\"\" srcset=\"https:\/\/www.orhideje-bk.eu\/wp-content\/uploads\/2024\/11\/Epipactis-muelleri.png 799w, https:\/\/www.orhideje-bk.eu\/wp-content\/uploads\/2024\/11\/Epipactis-muelleri-262x300.png 262w, https:\/\/www.orhideje-bk.eu\/wp-content\/uploads\/2024\/11\/Epipactis-muelleri-768x880.png 768w, https:\/\/www.orhideje-bk.eu\/wp-content\/uploads\/2024\/11\/Epipactis-muelleri-1x1.png 1w\" sizes=\"auto, (max-width: 799px) 100vw, 799px\" \/>\t<\/p>\n\n\n<\/div><\/div><\/div><div id=\"pg-772-2\"  class=\"panel-grid panel-no-style\" ><div id=\"pgc-772-2-0\"  class=\"panel-grid-cell\" ><div id=\"panel-772-2-0-0\" class=\"so-panel widget widget_slideshow panel-first-child panel-last-child\" data-index=\"6\"><h3 class=\"widget-title\">Slideshow<\/h3><div class=\"ngg_slideshow widget\">\n\t\n<div class=\"ngg-galleryoverview ngg-slideshow\"\n\tid=\"ngg-slideshow-7d82ebce12e2a8a0fd0a5ea4107e1577-5270744140\"\n\tdata-nextgen-gallery-id=\"18\"\n\tdata-gallery-id=\"7d82ebce12e2a8a0fd0a5ea4107e1577\"\n\t\tdata-gallery-name=\"e_mulleri\"\n\t\tstyle=\"max-width: 400px;\n\t\t\tmax-height: 400px;\n\t\t\tdisplay: none;\">\n\n\t\n\t\t<a href=\"https:\/\/www.orhideje-bk.eu\/wp-content\/gallery\/e_mulleri\/e_mulleri_01.JPG?t=1420880904\"\n\t\t\ttitle=\" \"\n\t\t\tdata-src=\"https:\/\/www.orhideje-bk.eu\/wp-content\/gallery\/e_mulleri\/e_mulleri_01.JPG?t=1420880904\"\n\t\t\tdata-thumbnail=\"https:\/\/www.orhideje-bk.eu\/wp-content\/gallery\/e_mulleri\/thumbs\/thumbs_e_mulleri_01.JPG?t=1420880904\"\n\t\t\tdata-image-id=\"238\"\n\t\t\tdata-image-name=\"e_mulleri_01.JPG\"\n\t\t\tdata-title=\"e_mulleri_01\"\n\t\t\tdata-description=\" \"\n\t\t\t\t\t\t\t\t\t\t\t\t\t\t\tclass=\"ngg-simplelightbox\" rel=\"7d82ebce12e2a8a0fd0a5ea4107e1577\">\n\t\t\t\n\t\t\t<img data-image-id='238'\n\t\t\t\ttitle=\" \"\n\t\t\t\talt=\"e_mulleri_01\"\n\t\t\t\tsrc=\"https:\/\/www.orhideje-bk.eu\/wp-content\/gallery\/e_mulleri\/e_mulleri_01.JPG?t=1420880904\"\n\t\t\t\tstyle=\"max-height: 380px;\"\/>\n\t\t<\/a>\n\n\t\t\n\t\t<a href=\"https:\/\/www.orhideje-bk.eu\/wp-content\/gallery\/e_mulleri\/e_mulleri_02.JPG?t=1420880905\"\n\t\t\ttitle=\" \"\n\t\t\tdata-src=\"https:\/\/www.orhideje-bk.eu\/wp-content\/gallery\/e_mulleri\/e_mulleri_02.JPG?t=1420880905\"\n\t\t\tdata-thumbnail=\"https:\/\/www.orhideje-bk.eu\/wp-content\/gallery\/e_mulleri\/thumbs\/thumbs_e_mulleri_02.JPG?t=1420880905\"\n\t\t\tdata-image-id=\"239\"\n\t\t\tdata-image-name=\"e_mulleri_02.JPG\"\n\t\t\tdata-title=\"e_mulleri_02\"\n\t\t\tdata-description=\" \"\n\t\t\t\t\t\t\t\t\t\t\t\t\t\t\tclass=\"ngg-simplelightbox\" rel=\"7d82ebce12e2a8a0fd0a5ea4107e1577\">\n\t\t\t\n\t\t\t<img data-image-id='239'\n\t\t\t\ttitle=\" \"\n\t\t\t\talt=\"e_mulleri_02\"\n\t\t\t\tsrc=\"https:\/\/www.orhideje-bk.eu\/wp-content\/gallery\/e_mulleri\/e_mulleri_02.JPG?t=1420880905\"\n\t\t\t\tstyle=\"max-height: 380px;\"\/>\n\t\t<\/a>\n\n\t\t\n\t\t<a href=\"https:\/\/www.orhideje-bk.eu\/wp-content\/gallery\/e_mulleri\/e_mulleri_03.JPG?t=1420880906\"\n\t\t\ttitle=\" \"\n\t\t\tdata-src=\"https:\/\/www.orhideje-bk.eu\/wp-content\/gallery\/e_mulleri\/e_mulleri_03.JPG?t=1420880906\"\n\t\t\tdata-thumbnail=\"https:\/\/www.orhideje-bk.eu\/wp-content\/gallery\/e_mulleri\/thumbs\/thumbs_e_mulleri_03.JPG?t=1420880906\"\n\t\t\tdata-image-id=\"240\"\n\t\t\tdata-image-name=\"e_mulleri_03.JPG\"\n\t\t\tdata-title=\"e_mulleri_03\"\n\t\t\tdata-description=\" \"\n\t\t\t\t\t\t\t\t\t\t\t\t\t\t\tclass=\"ngg-simplelightbox\" rel=\"7d82ebce12e2a8a0fd0a5ea4107e1577\">\n\t\t\t\n\t\t\t<img data-image-id='240'\n\t\t\t\ttitle=\" \"\n\t\t\t\talt=\"e_mulleri_03\"\n\t\t\t\tsrc=\"https:\/\/www.orhideje-bk.eu\/wp-content\/gallery\/e_mulleri\/e_mulleri_03.JPG?t=1420880906\"\n\t\t\t\tstyle=\"max-height: 380px;\"\/>\n\t\t<\/a>\n\n\t\t\n\t\t<a href=\"https:\/\/www.orhideje-bk.eu\/wp-content\/gallery\/e_mulleri\/e_mulleri_04.JPG?t=1420880908\"\n\t\t\ttitle=\" \"\n\t\t\tdata-src=\"https:\/\/www.orhideje-bk.eu\/wp-content\/gallery\/e_mulleri\/e_mulleri_04.JPG?t=1420880908\"\n\t\t\tdata-thumbnail=\"https:\/\/www.orhideje-bk.eu\/wp-content\/gallery\/e_mulleri\/thumbs\/thumbs_e_mulleri_04.JPG?t=1420880908\"\n\t\t\tdata-image-id=\"241\"\n\t\t\tdata-image-name=\"e_mulleri_04.JPG\"\n\t\t\tdata-title=\"e_mulleri_04\"\n\t\t\tdata-description=\" \"\n\t\t\t\t\t\t\t\t\t\t\t\t\t\t\tclass=\"ngg-simplelightbox\" rel=\"7d82ebce12e2a8a0fd0a5ea4107e1577\">\n\t\t\t\n\t\t\t<img data-image-id='241'\n\t\t\t\ttitle=\" \"\n\t\t\t\talt=\"e_mulleri_04\"\n\t\t\t\tsrc=\"https:\/\/www.orhideje-bk.eu\/wp-content\/gallery\/e_mulleri\/e_mulleri_04.JPG?t=1420880908\"\n\t\t\t\tstyle=\"max-height: 380px;\"\/>\n\t\t<\/a>\n\n\t\t\n\t\t<a href=\"https:\/\/www.orhideje-bk.eu\/wp-content\/gallery\/e_mulleri\/e_mulleri_05.JPG?t=1420880909\"\n\t\t\ttitle=\" \"\n\t\t\tdata-src=\"https:\/\/www.orhideje-bk.eu\/wp-content\/gallery\/e_mulleri\/e_mulleri_05.JPG?t=1420880909\"\n\t\t\tdata-thumbnail=\"https:\/\/www.orhideje-bk.eu\/wp-content\/gallery\/e_mulleri\/thumbs\/thumbs_e_mulleri_05.JPG?t=1420880909\"\n\t\t\tdata-image-id=\"242\"\n\t\t\tdata-image-name=\"e_mulleri_05.JPG\"\n\t\t\tdata-title=\"e_mulleri_05\"\n\t\t\tdata-description=\" \"\n\t\t\t\t\t\t\t\t\t\t\t\t\t\t\tclass=\"ngg-simplelightbox\" rel=\"7d82ebce12e2a8a0fd0a5ea4107e1577\">\n\t\t\t\n\t\t\t<img data-image-id='242'\n\t\t\t\ttitle=\" \"\n\t\t\t\talt=\"e_mulleri_05\"\n\t\t\t\tsrc=\"https:\/\/www.orhideje-bk.eu\/wp-content\/gallery\/e_mulleri\/e_mulleri_05.JPG?t=1420880909\"\n\t\t\t\tstyle=\"max-height: 380px;\"\/>\n\t\t<\/a>\n\n\t\t\n\t\t<a href=\"https:\/\/www.orhideje-bk.eu\/wp-content\/gallery\/e_mulleri\/e_mulleri_06.JPG?t=1420880911\"\n\t\t\ttitle=\" \"\n\t\t\tdata-src=\"https:\/\/www.orhideje-bk.eu\/wp-content\/gallery\/e_mulleri\/e_mulleri_06.JPG?t=1420880911\"\n\t\t\tdata-thumbnail=\"https:\/\/www.orhideje-bk.eu\/wp-content\/gallery\/e_mulleri\/thumbs\/thumbs_e_mulleri_06.JPG?t=1420880911\"\n\t\t\tdata-image-id=\"243\"\n\t\t\tdata-image-name=\"e_mulleri_06.JPG\"\n\t\t\tdata-title=\"e_mulleri_06\"\n\t\t\tdata-description=\" \"\n\t\t\t\t\t\t\t\t\t\t\t\t\t\t\tclass=\"ngg-simplelightbox\" rel=\"7d82ebce12e2a8a0fd0a5ea4107e1577\">\n\t\t\t\n\t\t\t<img data-image-id='243'\n\t\t\t\ttitle=\" \"\n\t\t\t\talt=\"e_mulleri_06\"\n\t\t\t\tsrc=\"https:\/\/www.orhideje-bk.eu\/wp-content\/gallery\/e_mulleri\/e_mulleri_06.JPG?t=1420880911\"\n\t\t\t\tstyle=\"max-height: 380px;\"\/>\n\t\t<\/a>\n\n\t\t<\/div>\n\n\n<\/div>\n<\/div><\/div><\/div><\/div>","protected":false},"excerpt":{"rendered":"<p>Epipactis: ime temu rodu je dodeli Theophrastus okoli 50 p.n.\u0161., verjetno po telohu muelleri: ime nem\u0161kega botanika F. Muller-ja (1829-1883) junij, julij Spada med dokaj redke vrste. Podobno kot pri vseh mo\u010dvirnicah, jo je zelo te\u017eko dolo\u010diti. Cvetovi se ne odprejo vedno in velikokrat pride do samoopra\u0161itve (osebki v okolici Ga\u010d redko zacvetijo). Od ostalih [&hellip;]<\/p>\n","protected":false},"author":1,"featured_media":0,"parent":0,"menu_order":0,"comment_status":"closed","ping_status":"closed","template":"","meta":{"_acf_changed":false,"ngg_post_thumbnail":0,"footnotes":""},"class_list":["post-772","page","type-page","status-publish","hentry"],"acf":[],"_links":{"self":[{"href":"https:\/\/www.orhideje-bk.eu\/index.php?rest_route=\/wp\/v2\/pages\/772","targetHints":{"allow":["GET"]}}],"collection":[{"href":"https:\/\/www.orhideje-bk.eu\/index.php?rest_route=\/wp\/v2\/pages"}],"about":[{"href":"https:\/\/www.orhideje-bk.eu\/index.php?rest_route=\/wp\/v2\/types\/page"}],"author":[{"embeddable":true,"href":"https:\/\/www.orhideje-bk.eu\/index.php?rest_route=\/wp\/v2\/users\/1"}],"replies":[{"embeddable":true,"href":"https:\/\/www.orhideje-bk.eu\/index.php?rest_route=%2Fwp%2Fv2%2Fcomments&post=772"}],"version-history":[{"count":2,"href":"https:\/\/www.orhideje-bk.eu\/index.php?rest_route=\/wp\/v2\/pages\/772\/revisions"}],"predecessor-version":[{"id":6562,"href":"https:\/\/www.orhideje-bk.eu\/index.php?rest_route=\/wp\/v2\/pages\/772\/revisions\/6562"}],"wp:attachment":[{"href":"https:\/\/www.orhideje-bk.eu\/index.php?rest_route=%2Fwp%2Fv2%2Fmedia&parent=772"}],"curies":[{"name":"wp","href":"https:\/\/api.w.org\/{rel}","templated":true}]}}